{"id":768,"date":"2022-11-24T13:22:38","date_gmt":"2022-11-24T11:22:38","guid":{"rendered":"http:\/\/www.congresosif.uji.es\/?page_id=768"},"modified":"2022-11-29T12:43:35","modified_gmt":"2022-11-29T10:43:35","slug":"normas-y-estilo","status":"publish","type":"page","link":"https:\/\/www.congresosif.uji.es\/?page_id=768","title":{"rendered":"Normas y estilo"},"content":{"rendered":"\n<h3>Normas de publicaci\u00f3n<\/h3>\n\n\n\n<p>Nuestras normas de estilo son fundamentales para asegurar la coherencia y la uniformidad de las y los participantes en el congreso. <\/p>\n\n\n\n<p><strong>Puedes descargar la versi\u00f3n de las normas de publicaci\u00f3n, en castellano y en ingl\u00e9s, en <a href=\"http:\/\/www.congresosif.uji.es\/wp-content\/uploads\/2022\/11\/Normas-de-Publicaci\u00f3n-Publication-Guidelines-Agora.pdf\">este enlace<\/a>.<\/strong><\/p>\n\n\n\n<ol><li><strong>Presentaci\u00f3n de art\u00edculos <\/strong><ol><li>Los art\u00edculos han de ser la exposici\u00f3n de trabajos de investigaci\u00f3n rigurosos y cient\u00edficos que aporten datos originales sobre aquellas tem\u00e1ticas relacionadas con las mujeres, la investigaci\u00f3n feminista y los estudios de g\u00e9nero. No podr\u00e1 presentarse art\u00edculos pendientes de publicaci\u00f3n en otra revista, ponencia publicada en actas de congreso, u otro libro o cap\u00edtulo de libro.<\/li><li>Los art\u00edculos podr\u00e1n ser redactados en espa\u00f1ol, ingl\u00e9s o catal\u00e1n.<\/li><li>La extensi\u00f3n m\u00ednima ser\u00e1 de 12 folios y la extensi\u00f3n m\u00e1xima de 20 p\u00e1ginas (4000 palabras m\u00ednimo &#8211; 8000 palabras m\u00e1ximo), siguiendo el formato abajo indicado, incluy\u00e9ndose figuras, tablas, notas y bibliograf\u00eda.<\/li><li>Los art\u00edculos estar\u00e1n precedidos de un t\u00edtulo breve tanto en el idioma original del trabajo como en ingl\u00e9s (en el caso de que el art\u00edculo est\u00e9 escrito en ingl\u00e9s, se proporcionar\u00e1 t\u00edtulo en espa\u00f1ol).<\/li><li>Acompa\u00f1ar\u00e1 al texto un resumen de un m\u00e1ximo de 10 l\u00edneas, palabras clave en el idioma original del trabajo y en ingl\u00e9s (en el caso de que el art\u00edculo est\u00e9 escrito en ingl\u00e9s, se proporcionar\u00e1n t\u00edtulo, resumen y palabras clave en espa\u00f1ol). Se incluir\u00e1 tambi\u00e9n un breve esquema del art\u00edculo que sirva de sumario.<\/li><li>Los\/as autores\/as omitir\u00e1n su nombre, as\u00ed como tambi\u00e9n la universidad o el organismo al que pertenecen, para asegurar la revisi\u00f3n ciega por pares. Asimismo, el texto no incluir\u00e1 ninguna menci\u00f3n al autor\/a (ni en notas a pie de p\u00e1gina) que permita desvelar su identidad. Las referencias ser\u00e1n incluidas una vez aceptado el art\u00edculo para su publicaci\u00f3n. Las referencias propias se indicar\u00e1n en el texto como \u00abAutor\/a 1 (a\u00f1o)\u00bb. Dichas referencias se incorporar\u00e1n una vez aceptado para su publicaci\u00f3n.<\/li><\/ol><\/li><li><strong>Tramitaci\u00f3n de env\u00edo<\/strong><ol><li>Los textos deber\u00e1n enviarse antes de la fecha explicitada en el Call for Papers al correo electr\u00f3nico: congresoif@uji.es, en formato .doc (Word) e indicando en el asunto: Texto congreso museos, junto con el nombre de la autora o autor.<\/li><\/ol><\/li><li><strong>Formato<\/strong><ol><li>Los originales se enviar\u00e1n en formato Word o similares.<\/li><li>El tipo de letra a utilizar ser\u00e1 Times New Roman, 12, interlineado 1\u20195.<\/li><li>Los m\u00e1rgenes ser\u00e1n de 3 (derecha e izquierda) y 2,5 (superior e inferior).<\/li><\/ol><\/li><li><strong>Im\u00e1genes<\/strong><ol><li>Las im\u00e1genes ser\u00e1n incluidas en el texto a modo de gu\u00eda.<\/li><li>Adem\u00e1s, se enviar\u00e1n en formato JPG fuera de texto, como archivos independientes y a una resoluci\u00f3n de 300pp.<\/li><li>Las normas internacionales de copyright no permiten la publicaci\u00f3n de im\u00e1genes sin la autorizaci\u00f3n expresa del autor o autora de dicha imagen. Es responsabilidad del autor o autora que quiera reproducir una obra protegida solicitar el permiso correspondiente.<\/li><\/ol><\/li><li><strong>Modo de citaci\u00f3n<\/strong><ol><li>Cualquier referencia a Revistas, Diarios o T\u00edtulos de Libros ir\u00e1n en cursiva.<\/li><li>Los t\u00edtulos de \u00abart\u00edculos\u00bb o \u00abcap\u00edtulos de libros\u00bb ir\u00e1n entre comillas angulares (\u00ab\u00bb), y cuando sea necesario tendr\u00e1n que utilizarse de acuerdo con la siguiente gradaci\u00f3n: \u00ab \u00bb &#8216; &#8216; \u00bb \u00bb.<\/li><li>Para las citas superiores a cuatro l\u00edneas es obligatorio copiarlas, sin comillas ni cursiva, en un p\u00e1rrafo, con el margen m\u00e1s centrado que el texto (a 1, derecha e izquierda), y letra Times New Roman, 11, interlineado sencillo.<\/li><li>La omisi\u00f3n de una parte del texto citado ir\u00e1 con corchetes: [\u2026].<\/li><li>En el texto se emplear\u00e1 el guion corto en t\u00e9rminos compuestos y para indicar las p\u00e1ginas de la bibliograf\u00eda (Ej. 10-21).<\/li><li>El guion largo se emplear\u00e1 a modo de par\u00e9ntesis que no se cerrar\u00e1 si despu\u00e9s del inciso va un punto (Ej. \u2013Soy la profesora de lengua.).<\/li><li>Las referencias bibliogr\u00e1ficas se incluir\u00e1n en el cuerpo del texto, incluyendo el apellido de quien firma la obra referenciada, el a\u00f1o de la primera edici\u00f3n y las p\u00e1ginas correspondientes (Llona 1999, 209). En el caso de que la publicaci\u00f3n referenciada est\u00e9 escrita por m\u00e1s de cuatro personas, deber\u00e1 incluirse el apellido de la primera seguida de la f\u00f3rmula latina et al. <\/li><li>Las notas a pie de p\u00e1gina se limitar\u00e1n a dar explicaci\u00f3n detallada de alg\u00fan aspecto del texto. Las indicaciones de las notas en el texto principal deben numerarse adecuadamente antes de los signos de puntuaci\u00f3n. El formato ser\u00e1 interlineado simple, justificado y letra Times New Roman, 10.<\/li><\/ol><\/li><li><strong>Bibliograf\u00eda<\/strong><ol><li>La bibliograf\u00eda se presentar\u00e1 al final de los art\u00edculos, ordenada alfab\u00e9ticamente por autores\/as, comenzando por los apellidos. Deber\u00e1 aplicarse el sangrado franc\u00e9s e interlineado sencillo. <\/li><li>Se citar\u00e1 el nombre completo de los\/as autores\/as y se incluir\u00e1n los dos apellidos del o de la autora en caso de que en el texto aparezca as\u00ed (Reverter Ba\u00f1\u00f3n, Sonia). <\/li><li>LIBROS<ul><li>Autor\u00eda \u00fanica: Mu\u00f1oz Mu\u00f1oz, Nieves. 2010. <em>Los ecos del banquete no escrito<\/em>. Castell\u00f3n de la Plana: Universitat Jaume I.<\/li><li>Dos autores\/as: Caballero Guiral, Juncal y Sonia Reverter Ba\u00f1\u00f3n. 2008. <em>Dones contra l\u2019estat<\/em>. Castell\u00f3n de la Plana: Seminari d\u2019Investigaci\u00f3 Feminista, Universitat Jaume I.<\/li><li>Tres autores\/as: Torrent, Rosal\u00eda, Dora Sales y Sonia Reverter. 2004. <em>Aspark\u00eda. Investigaci\u00f3n Feminista. Monogr\u00e1fico \u00abMigraciones\u00bb<\/em>. Castell\u00f3n de la Plana: Seminari d\u2019Investigaci\u00f3 Feminista, Universitat Jaume I.<\/li><li>M\u00e1s de tres autores\/as: Mart\u00ednez M\u00e9ndez, Francisco et al. 1999. <em>El Hipertexto<\/em>. Murcia: Noria.<\/li><li>Si no se maneja la primera edici\u00f3n del libro, la referencia ha de indicar la fecha de publicaci\u00f3n original tras nombre de autor\/a o autores\/as, y, despu\u00e9s del t\u00edtulo, la especificaci\u00f3n de la edici\u00f3n manejada. Ejemplo: Galeano, Eduardo. 1993. <em>Las palabras andantes<\/em>. 3\u00aa edici\u00f3n. Madrid: Siglo Veintiuno de Espa\u00f1a, 1995.<\/li><\/ul><\/li><li>ART\u00cdCULOS DE REVISTA<ul><li>Medina-Vicent, Maria. 2016. \u00abLa feminizaci\u00f3n de la pobreza en los territorios africanos: an\u00e1lisis de los microcr\u00e9ditos como herramienta para el desarrollo econ\u00f3mico y el empoderamiento de las mujeres\u00bb. <em>Aspark\u00eda. Investigaci\u00f3n feminista<\/em>, 28: 75-92.<\/li><li>En caso de dos autores\/as, tres o m\u00e1s, v\u00e9anse las indicaciones referidas en el apartado de Libros en cuanto al formato para anotar autores\/as.<\/li><\/ul><\/li><li>CAP\u00cdTULOS DE LIBRO<ul><li>Sales Salvador, Dora. 2012. \u00abMujeres y literaturas: nosotras tambi\u00e9n lo hacemos posible\u00bb. En <em>Variaciones sobre g\u00e9nero<\/em>, ed. Rosal\u00eda Torrent y Sonia Reverter. Castell\u00f3n de la Plana: Acen Editorial.<\/li><li>En caso de dos autores\/as, tres o m\u00e1s, v\u00e9anse las indicaciones referidas en el apartado de Libros en cuanto al formato para anotar autores\/as.<\/li><\/ul><\/li><li>LIBROS, ART\u00cdCULOS DE REVISTA O CAP\u00cdTULOS DE LIBRO ONLINE <ul><li>Si el formato de publicaci\u00f3n no es impreso sino online, se sigue el mismo formato indicado para las referencias impresas, a excepci\u00f3n de la indicaci\u00f3n de n\u00fameros de p\u00e1gina en art\u00edculos y cap\u00edtulos, que en referencias online quiz\u00e1s no vengan especificados.<\/li><li>En todos los casos, al final de la referencia, se a\u00f1ade la URL de la misma: www.enlacedirectoalafuenteonline.com (Fecha de consulta: d\u00eda\/mes\/a\u00f1o) de la fecha en que se consult\u00f3 la fuente.<\/li><li>Ejemplo: Sales, Dora. 2013. \u00abLa m\u00e1s inesperada traves\u00eda. Algunas reflexiones desde la pr\u00e1ctica como traductora de literatura transcultural\u00bb. <em>Eutop\u00edas. Revista de interculturalidad, comunicaci\u00f3n y estudios europeos<\/em>, Vol. 5. http:\/\/eu-topias.org\/la-mas-inesperada-travesia\/ (Fecha de consulta: 7\/2\/2018).<\/li><\/ul><\/li><li>WEB COMPLETA O SECCI\u00d3N DE WEB <ul><li>Web completa: <em>Las Sinsombrero<\/em>. https:\/\/www.lassinsombrero.com\/ (Fecha de consulta: 7\/2\/2018). <\/li><li>Secci\u00f3n de web: \u00abProyecto crossmedia\u00bb. <em>Las Sinsombrero<\/em>. https:\/\/www.lassinsombrero.com\/proyecto-crossmedia (Fecha de consulta: 7\/2\/2018).<\/li><\/ul><\/li><\/ol><\/li><\/ol>\n\n\n\n<p><\/p>\n","protected":false},"excerpt":{"rendered":"<p>Normas de publicaci\u00f3n Nuestras normas de estilo son fundamentales para asegurar la coherencia y la uniformidad de las y los participantes en el congreso. Puedes descargar la versi\u00f3n de las normas de publicaci\u00f3n, en castellano y en ingl\u00e9s, en este enlace. Presentaci\u00f3n de art\u00edculos Los art\u00edculos han de ser la exposici\u00f3n de trabajos de investigaci\u00f3n [&hellip;]<\/p>\n","protected":false},"author":1,"featured_media":0,"parent":0,"menu_order":0,"comment_status":"closed","ping_status":"closed","template":"","meta":[],"_links":{"self":[{"href":"https:\/\/www.congresosif.uji.es\/index.php?rest_route=\/wp\/v2\/pages\/768"}],"collection":[{"href":"https:\/\/www.congresosif.uji.es\/index.php?rest_route=\/wp\/v2\/pages"}],"about":[{"href":"https:\/\/www.congresosif.uji.es\/index.php?rest_route=\/wp\/v2\/types\/page"}],"author":[{"embeddable":true,"href":"https:\/\/www.congresosif.uji.es\/index.php?rest_route=\/wp\/v2\/users\/1"}],"replies":[{"embeddable":true,"href":"https:\/\/www.congresosif.uji.es\/index.php?rest_route=%2Fwp%2Fv2%2Fcomments&post=768"}],"version-history":[{"count":7,"href":"https:\/\/www.congresosif.uji.es\/index.php?rest_route=\/wp\/v2\/pages\/768\/revisions"}],"predecessor-version":[{"id":815,"href":"https:\/\/www.congresosif.uji.es\/index.php?rest_route=\/wp\/v2\/pages\/768\/revisions\/815"}],"wp:attachment":[{"href":"https:\/\/www.congresosif.uji.es\/index.php?rest_route=%2Fwp%2Fv2%2Fmedia&parent=768"}],"curies":[{"name":"wp","href":"https:\/\/api.w.org\/{rel}","templated":true}]}}